{"id":12340,"date":"2019-04-03T14:40:26","date_gmt":"2019-04-03T12:40:26","guid":{"rendered":"http:\/\/ife.taavikybar.com\/cours\/pour-enfants-et-adolescents\/"},"modified":"2025-10-10T09:17:27","modified_gmt":"2025-10-10T07:17:27","slug":"pour-enfants-et-adolescents","status":"publish","type":"page","link":"https:\/\/ife.ee\/fr\/cours\/pour-enfants-et-adolescents\/","title":{"rendered":"Cours de fran\u00e7ais pour enfants et adolescents"},"content":{"rendered":"<section class=\"wpb-content-wrapper\"><p>[vc_row][vc_column][vc_column_text]<\/p>\n<p><span style=\"font-size: 18px;\"><strong>Parmi la s\u00e9lection de cours de fran\u00e7ais de l&#8217;Institut, vous trouverez \u00e9galement des cours sp\u00e9cialement adapt\u00e9s aux enfants et aux jeunes. Nous proposons une formule pour tous les besoins : <span style=\"color: #008ac9;\">cours de fran\u00e7ais en groupe, cours particuliers et ateliers en fran\u00e7ais<\/span>. \u21d3<\/strong><\/span><\/p>\n<p>&nbsp;<\/p>\n<p><strong>\u21d2 COURS DE FRAN\u00c7AIS EN GROUPE PAR NIVEAU<\/strong><\/p>\n<ul>\n<li>de 4 \u00e0 10 \u00e9l\u00e8ves&nbsp;<\/li>\n<li>du niveau A1 au niveau B1<\/li>\n<li>30 heures acad\u00e9miques<\/li>\n<li>prix 239 \u20ac&nbsp;<\/li>\n<\/ul>\n<p>\u00c9largissez les horizons linguistiques et culturels de vos enfants. Ces cours leur permettront de progresser en fran\u00e7ais de mani\u00e8re ludique en travaillant les 4 comp\u00e9tences (compr\u00e9hension orale et \u00e9crite, expression orale et \u00e9crite). Recette du cours : dynamisme, ludisme et interactivit\u00e9 !<\/p>\n<p><strong>En savoir plus sur les prochains cours et les horaires <\/strong><a href=\"https:\/\/estonie.extranet-aec.com\/classes\/view\/0-all\/0-all\/0-all-levels\/0-all\/\"><strong>ICI<\/strong><\/a><\/p>\n<p><strong>Contact <\/strong>:&nbsp;<a href=\"mailto:cours@ife.ee\">cours@ife.ee<\/a> ou par t\u00e9l\u00e9phone +372 627 11 96<\/p>\n<a class=\"maxbutton-23 maxbutton maxbutton-inscription-aux-cours\" target=\"_blank\" rel=\"noopener\" href=\"https:\/\/estonie.extranet-aec.com\/classes\/view\/0-all\/0-all\/0-all-levels\/0-all\/\"><span class='mb-text'>Inscription<\/span><\/a>\n<hr>\n<p><b><br \/>\n\u21d2 ATELIERS EN FRAN\u00c7AIS<\/b><\/p>\n<ul>\n<li>de 5 \u00e0 8 \u00e9l\u00e8ves<\/li>\n<li>du niveau A1 au niveau C2<\/li>\n<li>16 heures<\/li>\n<\/ul>\n<p>Vous souhaitez que votre enfant approfondisse un aspect particulier de la langue fran\u00e7aise (conversation, phon\u00e9tique, lexique, expression \u00e9crite, culture\u2026). L&#8217;atelier est une formule ludique et cr\u00e9ative pour vos enfants, parfaite pour compl\u00e9ter l\u2019apprentissage scolaire. Recette du cours : convivialit\u00e9, sp\u00e9cificit\u00e9 et cr\u00e9ativit\u00e9 ! N\u2019h\u00e9sitez pas \u00e0 proposer une th\u00e9matique d\u2019atelier.<\/p>\n<p><strong>En savoir plus sur les prochains ateliers et les horaires <\/strong><a href=\"https:\/\/estonie.extranet-aec.com\/classes\/view\/0-all\/0-all\/0-all-levels\/0-all\/\"><strong>ICI<\/strong><\/a><\/p>\n<p><strong>Contact <\/strong>:&nbsp;<a href=\"mailto:cours@ife.ee\">cours@ife.ee<\/a> ou par t\u00e9l\u00e9phone +372 627 11 96<\/p>\n<a class=\"maxbutton-23 maxbutton maxbutton-inscription-aux-cours\" target=\"_blank\" rel=\"noopener\" href=\"https:\/\/estonie.extranet-aec.com\/classes\/view\/0-all\/0-all\/0-all-levels\/0-all\/\"><span class='mb-text'>Inscription<\/span><\/a>\n<hr>\n<p><strong><br \/>\n\u21d2 COURS PARTICULIERS DE FRAN\u00c7AIS<\/strong><\/p>\n<ul>\n<li>du niveau A1 au niveau C2<\/li>\n<li>autant d\u2019heures que vous voulez<\/li>\n<\/ul>\n<p>Votre enfant a besoin d\u2019un suivi particulier en fran\u00e7ais. Une aide pour ses devoirs, un travail particulier sur l\u2019expression ou la compr\u00e9hension orale, par exemple ? Les cours particuliers sont la solution. Ces cours peuvent \u00eatre pris avec un ou deux camarades de classe. Les professeurs de l\u2019IFE ont \u00e9t\u00e9 form\u00e9s pour travailler avec le jeune public<em>.<\/em><\/p>\n<p><strong>Plus d&#8217;infos et inscription <\/strong>: cours@ife.ee ou par t\u00e9l\u00e9phone : + 372 627 11 96<\/p>\n<hr>\n<p><strong><br \/>\n\u21d2 COURS \u00c0 TARTU<\/strong><\/p>\n<p>L&#8217;Institut Fran\u00e7ais offre aussi des cours et ateliers de langue \u00e0 Tartu.<\/p>\n<p><strong>Plus d&#8217;infos et inscription <\/strong>: cours@ife.ee ou par t\u00e9l\u00e9phone : + 372 627 11 96<\/p>\n<hr>\n<p>&nbsp;<\/p>\n<h4><strong>TEST DE POSITIONNEMENT<\/strong><\/h4>\n<p>Vous parlez d\u00e9j\u00e0 fran\u00e7ais mais ne connaissez pas votre niveau ? Passez notre <a href=\"https:\/\/survey.lingvist.io\/#main?survey_name=ife-test\">test de positionnement gratuit<\/a>&nbsp;afin que nous puissions vous orienter vers le groupe le plus adapt\u00e9 pour vous.<\/p>\n<p>Nos cours sont \u00e9labor\u00e9s selon le cadre europ\u00e9en commun de r\u00e9f\u00e9rence pour les langues. En savoir plus sur les&nbsp;<a href=\"https:\/\/www.ife.ee\/fr\/explication-niveaux-de-langue\/\">niveaux<\/a>.<\/p>\n<p>&nbsp;<\/p>\n<h4><strong>INSCRIPTION AUX COURS<\/strong><\/h4>\n<ul>\n<li>Si vous avez d\u00e9j\u00e0 particip\u00e9 \u00e0 nos cours, un compte d\u2019utilisateur vous a \u00e9t\u00e9 cr\u00e9\u00e9 automatiquement. Merci de contacter notre responsable des cours (cours@ife.ee) pour recevoir votre nom d\u2019utilisateur et le mot de passe.<\/li>\n<li>Si vous n\u2019avez jamais pris de cours \u00e0 l\u2019Institut avant, merci de cr\u00e9er un compte sur la plateforme. Cela n\u2019implique aucune obligation d\u2019achat.<\/li>\n<\/ul>\n<p><strong>La plateforme vous permet de\u2026<\/strong><\/p>\n<ul>\n<li>consulter&nbsp;notre catalogue de cours<\/li>\n<li>commander des cours et du mat\u00e9riel p\u00e9dagogique<\/li>\n<li>vous inscrire aux examens DELF\/DALF<\/li>\n<li>consulter&nbsp;vos notes de fin de session<\/li>\n<\/ul>\n<p><a class=\"maxbutton-1 maxbutton maxbutton-inscription-aux-cours\" href=\"https:\/\/estonie.extranet-aec.com\/classes\/view\/0-all\/0-all\/0-all-levels\/0-all\/\" target=\"_blank\" rel=\"noopener noreferrer\"><span class=\"mb-text\">Inscription<\/span><\/a><\/p>\n<p>&nbsp;<\/p>\n<p>&nbsp;<\/p>\n<p>[\/vc_column_text][blk_posts cat_id=&#8221;372&#8243;][\/vc_column][\/vc_row]<\/p>\n<\/section>","protected":false},"excerpt":{"rendered":"<p>Cours enfants adolescents<\/p>\n","protected":false},"author":1,"featured_media":11556,"parent":12277,"menu_order":0,"comment_status":"closed","ping_status":"closed","template":"","meta":{"_monsterinsights_skip_tracking":false,"_monsterinsights_sitenote_active":false,"_monsterinsights_sitenote_note":"","_monsterinsights_sitenote_category":0,"ngg_post_thumbnail":0,"footnotes":""},"class_list":["post-12340","page","type-page","status-publish","has-post-thumbnail","hentry"],"yoast_head":"<!-- This site is optimized with the Yoast SEO plugin v27.3 - https:\/\/yoast.com\/product\/yoast-seo-wordpress\/ -->\n<title>Cours de fran\u00e7ais pour enfants et adolescents - Prantsuse Instituut Eestis<\/title>\n<meta name=\"description\" content=\"L&#039;isntitut fran\u00e7ais d&#039;Estonie propose des cours de fran\u00e7ais adapt\u00e9s aux enfants et jeunes, caract\u00e9ris\u00e9s par le jeu et la cr\u00e9ativit\u00e9.\" \/>\n<meta name=\"robots\" content=\"index, follow, max-snippet:-1, max-image-preview:large, max-video-preview:-1\" \/>\n<link rel=\"canonical\" href=\"https:\/\/ife.ee\/fr\/cours\/pour-enfants-et-adolescents\/\" \/>\n<meta name=\"twitter:card\" content=\"summary_large_image\" \/>\n<meta name=\"twitter:title\" content=\"Cours de fran\u00e7ais pour enfants et adolescents - Prantsuse Instituut Eestis\" \/>\n<meta name=\"twitter:description\" content=\"L&#039;isntitut fran\u00e7ais d&#039;Estonie propose des cours de fran\u00e7ais adapt\u00e9s aux enfants et jeunes, caract\u00e9ris\u00e9s par le jeu et la cr\u00e9ativit\u00e9.\" \/>\n<meta name=\"twitter:image\" content=\"https:\/\/ife.ee\/wp-content\/uploads\/2016\/08\/cat_image_children.jpg\" \/>\n<meta name=\"twitter:site\" content=\"@IF_Estonie\" \/>\n<meta name=\"twitter:label1\" content=\"Dur\u00e9e de lecture estim\u00e9e\" \/>\n\t<meta name=\"twitter:data1\" content=\"3 minutes\" \/>\n<script type=\"application\/ld+json\" class=\"yoast-schema-graph\">{\"@context\":\"https:\\\/\\\/schema.org\",\"@graph\":[{\"@type\":\"WebPage\",\"@id\":\"https:\\\/\\\/ife.ee\\\/fr\\\/cours\\\/pour-enfants-et-adolescents\\\/\",\"url\":\"https:\\\/\\\/ife.ee\\\/fr\\\/cours\\\/pour-enfants-et-adolescents\\\/\",\"name\":\"Cours de fran\u00e7ais pour enfants et adolescents - Prantsuse Instituut Eestis\",\"isPartOf\":{\"@id\":\"https:\\\/\\\/ife.ee\\\/#website\"},\"primaryImageOfPage\":{\"@id\":\"https:\\\/\\\/ife.ee\\\/fr\\\/cours\\\/pour-enfants-et-adolescents\\\/#primaryimage\"},\"image\":{\"@id\":\"https:\\\/\\\/ife.ee\\\/fr\\\/cours\\\/pour-enfants-et-adolescents\\\/#primaryimage\"},\"thumbnailUrl\":\"https:\\\/\\\/ife.ee\\\/wp-content\\\/uploads\\\/2016\\\/08\\\/cat_image_children.jpg\",\"datePublished\":\"2019-04-03T12:40:26+00:00\",\"dateModified\":\"2025-10-10T07:17:27+00:00\",\"description\":\"L'isntitut fran\u00e7ais d'Estonie propose des cours de fran\u00e7ais adapt\u00e9s aux enfants et jeunes, caract\u00e9ris\u00e9s par le jeu et la cr\u00e9ativit\u00e9.\",\"breadcrumb\":{\"@id\":\"https:\\\/\\\/ife.ee\\\/fr\\\/cours\\\/pour-enfants-et-adolescents\\\/#breadcrumb\"},\"inLanguage\":\"fr-FR\",\"potentialAction\":[{\"@type\":\"ReadAction\",\"target\":[\"https:\\\/\\\/ife.ee\\\/fr\\\/cours\\\/pour-enfants-et-adolescents\\\/\"]}]},{\"@type\":\"ImageObject\",\"inLanguage\":\"fr-FR\",\"@id\":\"https:\\\/\\\/ife.ee\\\/fr\\\/cours\\\/pour-enfants-et-adolescents\\\/#primaryimage\",\"url\":\"https:\\\/\\\/ife.ee\\\/wp-content\\\/uploads\\\/2016\\\/08\\\/cat_image_children.jpg\",\"contentUrl\":\"https:\\\/\\\/ife.ee\\\/wp-content\\\/uploads\\\/2016\\\/08\\\/cat_image_children.jpg\",\"width\":1536,\"height\":1024},{\"@type\":\"BreadcrumbList\",\"@id\":\"https:\\\/\\\/ife.ee\\\/fr\\\/cours\\\/pour-enfants-et-adolescents\\\/#breadcrumb\",\"itemListElement\":[{\"@type\":\"ListItem\",\"position\":1,\"name\":\"Home\",\"item\":\"https:\\\/\\\/ife.ee\\\/fr\\\/\"},{\"@type\":\"ListItem\",\"position\":2,\"name\":\"Cours de fran\u00e7ais\",\"item\":\"https:\\\/\\\/ife.ee\\\/fr\\\/cours\\\/\"},{\"@type\":\"ListItem\",\"position\":3,\"name\":\"Cours de fran\u00e7ais pour enfants et adolescents\"}]},{\"@type\":\"WebSite\",\"@id\":\"https:\\\/\\\/ife.ee\\\/#website\",\"url\":\"https:\\\/\\\/ife.ee\\\/\",\"name\":\"Prantsuse Instituut Eestis\",\"description\":\"ESTONIE\",\"potentialAction\":[{\"@type\":\"SearchAction\",\"target\":{\"@type\":\"EntryPoint\",\"urlTemplate\":\"https:\\\/\\\/ife.ee\\\/?s={search_term_string}\"},\"query-input\":{\"@type\":\"PropertyValueSpecification\",\"valueRequired\":true,\"valueName\":\"search_term_string\"}}],\"inLanguage\":\"fr-FR\"}]}<\/script>\n<!-- \/ Yoast SEO plugin. -->","yoast_head_json":{"title":"Cours de fran\u00e7ais pour enfants et adolescents - Prantsuse Instituut Eestis","description":"L'isntitut fran\u00e7ais d'Estonie propose des cours de fran\u00e7ais adapt\u00e9s aux enfants et jeunes, caract\u00e9ris\u00e9s par le jeu et la cr\u00e9ativit\u00e9.","robots":{"index":"index","follow":"follow","max-snippet":"max-snippet:-1","max-image-preview":"max-image-preview:large","max-video-preview":"max-video-preview:-1"},"canonical":"https:\/\/ife.ee\/fr\/cours\/pour-enfants-et-adolescents\/","twitter_card":"summary_large_image","twitter_title":"Cours de fran\u00e7ais pour enfants et adolescents - Prantsuse Instituut Eestis","twitter_description":"L'isntitut fran\u00e7ais d'Estonie propose des cours de fran\u00e7ais adapt\u00e9s aux enfants et jeunes, caract\u00e9ris\u00e9s par le jeu et la cr\u00e9ativit\u00e9.","twitter_image":"https:\/\/ife.ee\/wp-content\/uploads\/2016\/08\/cat_image_children.jpg","twitter_site":"@IF_Estonie","twitter_misc":{"Dur\u00e9e de lecture estim\u00e9e":"3 minutes"},"schema":{"@context":"https:\/\/schema.org","@graph":[{"@type":"WebPage","@id":"https:\/\/ife.ee\/fr\/cours\/pour-enfants-et-adolescents\/","url":"https:\/\/ife.ee\/fr\/cours\/pour-enfants-et-adolescents\/","name":"Cours de fran\u00e7ais pour enfants et adolescents - Prantsuse Instituut Eestis","isPartOf":{"@id":"https:\/\/ife.ee\/#website"},"primaryImageOfPage":{"@id":"https:\/\/ife.ee\/fr\/cours\/pour-enfants-et-adolescents\/#primaryimage"},"image":{"@id":"https:\/\/ife.ee\/fr\/cours\/pour-enfants-et-adolescents\/#primaryimage"},"thumbnailUrl":"https:\/\/ife.ee\/wp-content\/uploads\/2016\/08\/cat_image_children.jpg","datePublished":"2019-04-03T12:40:26+00:00","dateModified":"2025-10-10T07:17:27+00:00","description":"L'isntitut fran\u00e7ais d'Estonie propose des cours de fran\u00e7ais adapt\u00e9s aux enfants et jeunes, caract\u00e9ris\u00e9s par le jeu et la cr\u00e9ativit\u00e9.","breadcrumb":{"@id":"https:\/\/ife.ee\/fr\/cours\/pour-enfants-et-adolescents\/#breadcrumb"},"inLanguage":"fr-FR","potentialAction":[{"@type":"ReadAction","target":["https:\/\/ife.ee\/fr\/cours\/pour-enfants-et-adolescents\/"]}]},{"@type":"ImageObject","inLanguage":"fr-FR","@id":"https:\/\/ife.ee\/fr\/cours\/pour-enfants-et-adolescents\/#primaryimage","url":"https:\/\/ife.ee\/wp-content\/uploads\/2016\/08\/cat_image_children.jpg","contentUrl":"https:\/\/ife.ee\/wp-content\/uploads\/2016\/08\/cat_image_children.jpg","width":1536,"height":1024},{"@type":"BreadcrumbList","@id":"https:\/\/ife.ee\/fr\/cours\/pour-enfants-et-adolescents\/#breadcrumb","itemListElement":[{"@type":"ListItem","position":1,"name":"Home","item":"https:\/\/ife.ee\/fr\/"},{"@type":"ListItem","position":2,"name":"Cours de fran\u00e7ais","item":"https:\/\/ife.ee\/fr\/cours\/"},{"@type":"ListItem","position":3,"name":"Cours de fran\u00e7ais pour enfants et adolescents"}]},{"@type":"WebSite","@id":"https:\/\/ife.ee\/#website","url":"https:\/\/ife.ee\/","name":"Prantsuse Instituut Eestis","description":"ESTONIE","potentialAction":[{"@type":"SearchAction","target":{"@type":"EntryPoint","urlTemplate":"https:\/\/ife.ee\/?s={search_term_string}"},"query-input":{"@type":"PropertyValueSpecification","valueRequired":true,"valueName":"search_term_string"}}],"inLanguage":"fr-FR"}]}},"_links":{"self":[{"href":"https:\/\/ife.ee\/fr\/wp-json\/wp\/v2\/pages\/12340","targetHints":{"allow":["GET"]}}],"collection":[{"href":"https:\/\/ife.ee\/fr\/wp-json\/wp\/v2\/pages"}],"about":[{"href":"https:\/\/ife.ee\/fr\/wp-json\/wp\/v2\/types\/page"}],"author":[{"embeddable":true,"href":"https:\/\/ife.ee\/fr\/wp-json\/wp\/v2\/users\/1"}],"replies":[{"embeddable":true,"href":"https:\/\/ife.ee\/fr\/wp-json\/wp\/v2\/comments?post=12340"}],"version-history":[{"count":1,"href":"https:\/\/ife.ee\/fr\/wp-json\/wp\/v2\/pages\/12340\/revisions"}],"predecessor-version":[{"id":64282,"href":"https:\/\/ife.ee\/fr\/wp-json\/wp\/v2\/pages\/12340\/revisions\/64282"}],"up":[{"embeddable":true,"href":"https:\/\/ife.ee\/fr\/wp-json\/wp\/v2\/pages\/12277"}],"wp:featuredmedia":[{"embeddable":true,"href":"https:\/\/ife.ee\/fr\/wp-json\/wp\/v2\/media\/11556"}],"wp:attachment":[{"href":"https:\/\/ife.ee\/fr\/wp-json\/wp\/v2\/media?parent=12340"}],"curies":[{"name":"wp","href":"https:\/\/api.w.org\/{rel}","templated":true}]}}